{"id":1887,"date":"2025-05-29T12:53:35","date_gmt":"2025-05-29T10:53:35","guid":{"rendered":"https:\/\/www.emfesa.es\/emfesa\/?page_id=1887"},"modified":"2025-05-29T14:08:37","modified_gmt":"2025-05-29T12:08:37","slug":"actualidad-de-emfesa","status":"publish","type":"page","link":"https:\/\/www.emfesa.es\/emfesa\/actualidad-de-emfesa\/","title":{"rendered":"ACTUALIDAD DE EMFESA"},"content":{"rendered":"\n<p>A continuaci\u00f3n, puedes consultar nuestro listado de noticias.<\/p>\n\n\n\n<div class=\"wp-block-columns is-layout-flex wp-container-core-columns-is-layout-1 wp-block-columns-is-layout-flex\">\n<div class=\"wp-block-column is-layout-flow wp-block-column-is-layout-flow\" style=\"flex-basis:80%\">\n\t\t\t<div class=\"wp-block-uagb-post-grid uagb-post-grid  uagb-post__image-position-top uagb-post__image-enabled uagb-block-8f996eaa     uagb-post__items uagb-post__columns-3 is-grid uagb-post__columns-tablet-2 uagb-post__columns-mobile-1 uagb-post__equal-height\" data-total=\"1\" style=\"\">\n\n\t\t\t\t\t\t\t\t\t\t\t\t<article class=\"uagb-post__inner-wrap\">\t\t\t\t\t\t\t\t<div class='uagb-post__image'>\n\t\t\t\t\t\t\t\t\t<a href=\"https:\/\/www.emfesa.es\/emfesa\/emfesa-contribuye-a-la-ejecucion-de-los-fondos-europeos-mrr-mediante-la-gestion-sostenible-de-residuos-ferroviarios\/\" target=\"_self\" rel=\"bookmark noopener noreferrer\" class='uagb-image-ratio-2-3'><img loading=\"lazy\" decoding=\"async\" width=\"300\" height=\"198\" src=\"https:\/\/www.emfesa.es\/emfesa\/wp-content\/uploads\/2026\/04\/Imagen-Destacada-2-para-noticia-300x198.png\" class=\"attachment-medium size-medium\" alt=\"\" srcset=\"https:\/\/www.emfesa.es\/emfesa\/wp-content\/uploads\/2026\/04\/Imagen-Destacada-2-para-noticia-300x198.png 300w, https:\/\/www.emfesa.es\/emfesa\/wp-content\/uploads\/2026\/04\/Imagen-Destacada-2-para-noticia-1024x677.png 1024w, https:\/\/www.emfesa.es\/emfesa\/wp-content\/uploads\/2026\/04\/Imagen-Destacada-2-para-noticia-768x508.png 768w, https:\/\/www.emfesa.es\/emfesa\/wp-content\/uploads\/2026\/04\/Imagen-Destacada-2-para-noticia.png 1125w\" sizes=\"(max-width: 300px) 100vw, 300px\" \/>\t\t\t\t\t<\/a>\n\t\t\t\t\t\t\t<\/div>\n\t\t\t\t\t\t<h4 class=\"uagb-post__title uagb-post__text\">\n\t\t\t\t<a href=\"https:\/\/www.emfesa.es\/emfesa\/emfesa-contribuye-a-la-ejecucion-de-los-fondos-europeos-mrr-mediante-la-gestion-sostenible-de-residuos-ferroviarios\/\" target=\"_self\" rel=\"bookmark noopener noreferrer\">Emfesa contribuye a la ejecuci\u00f3n de los fondos europeos MRR mediante la gesti\u00f3n sostenible de residuos ferroviarios<\/a>\n\t\t\t<\/h4>\n\t\t\t\t\t\t<div class='uagb-post__text uagb-post-grid-byline'>\n\t\t\t\t\t\t\t<\/div>\n\t\t\t\n\t\t\t\t\t\t\t\t\t<\/article>\n\t\t\t\t\t\t\t\t\t\t\t\t\t\t\t\t<article class=\"uagb-post__inner-wrap\">\t\t\t\t\t\t\t\t<div class='uagb-post__image'>\n\t\t\t\t\t\t\t\t\t<a href=\"https:\/\/www.emfesa.es\/emfesa\/emfesa-cierra-2025-con-un-fuerte-crecimiento-y-duplica-su-beneficio\/\" target=\"_self\" rel=\"bookmark noopener noreferrer\" class='uagb-image-ratio-2-3'><img loading=\"lazy\" decoding=\"async\" width=\"300\" height=\"182\" src=\"https:\/\/www.emfesa.es\/emfesa\/wp-content\/uploads\/2026\/04\/Imagen-Destacada-para-noticia-300x182.png\" class=\"attachment-medium size-medium\" alt=\"\" srcset=\"https:\/\/www.emfesa.es\/emfesa\/wp-content\/uploads\/2026\/04\/Imagen-Destacada-para-noticia-300x182.png 300w, https:\/\/www.emfesa.es\/emfesa\/wp-content\/uploads\/2026\/04\/Imagen-Destacada-para-noticia.png 588w\" sizes=\"(max-width: 300px) 100vw, 300px\" \/>\t\t\t\t\t<\/a>\n\t\t\t\t\t\t\t<\/div>\n\t\t\t\t\t\t<h4 class=\"uagb-post__title uagb-post__text\">\n\t\t\t\t<a href=\"https:\/\/www.emfesa.es\/emfesa\/emfesa-cierra-2025-con-un-fuerte-crecimiento-y-duplica-su-beneficio\/\" target=\"_self\" rel=\"bookmark noopener noreferrer\">Emfesa cierra 2025 con un fuerte crecimiento y duplica su beneficio<\/a>\n\t\t\t<\/h4>\n\t\t\t\t\t\t<div class='uagb-post__text uagb-post-grid-byline'>\n\t\t\t\t\t\t\t<\/div>\n\t\t\t\n\t\t\t\t\t\t\t\t\t<\/article>\n\t\t\t\t\t\t\t\t\t\t\t\t\t\t\t\t<article class=\"uagb-post__inner-wrap\">\t\t\t\t\t\t\t\t<div class='uagb-post__image'>\n\t\t\t\t\t\t\t\t\t<a href=\"https:\/\/www.emfesa.es\/emfesa\/emfesa-impulsa-el-desarrollo-eficaz-de-las-obras-ferroviarias-aportando-encargados-de-trabajos-altamente-cualificados\/\" target=\"_self\" rel=\"bookmark noopener noreferrer\" class='uagb-image-ratio-2-3'><img loading=\"lazy\" decoding=\"async\" width=\"300\" height=\"225\" src=\"https:\/\/www.emfesa.es\/emfesa\/wp-content\/uploads\/2024\/10\/DESBROZADORA-300x225.jpg\" class=\"attachment-medium size-medium\" alt=\"Encargados de Trabajo observando parte de la v\u00eda\" srcset=\"https:\/\/www.emfesa.es\/emfesa\/wp-content\/uploads\/2024\/10\/DESBROZADORA-300x225.jpg 300w, https:\/\/www.emfesa.es\/emfesa\/wp-content\/uploads\/2024\/10\/DESBROZADORA-1024x768.jpg 1024w, https:\/\/www.emfesa.es\/emfesa\/wp-content\/uploads\/2024\/10\/DESBROZADORA-768x576.jpg 768w, https:\/\/www.emfesa.es\/emfesa\/wp-content\/uploads\/2024\/10\/DESBROZADORA.jpg 1400w\" sizes=\"(max-width: 300px) 100vw, 300px\" \/>\t\t\t\t\t<\/a>\n\t\t\t\t\t\t\t<\/div>\n\t\t\t\t\t\t<h4 class=\"uagb-post__title uagb-post__text\">\n\t\t\t\t<a href=\"https:\/\/www.emfesa.es\/emfesa\/emfesa-impulsa-el-desarrollo-eficaz-de-las-obras-ferroviarias-aportando-encargados-de-trabajos-altamente-cualificados\/\" target=\"_self\" rel=\"bookmark noopener noreferrer\">Emfesa impulsa el desarrollo eficaz de las obras ferroviarias aportando Encargados de Trabajos altamente cualificados<\/a>\n\t\t\t<\/h4>\n\t\t\t\t\t\t<div class='uagb-post__text uagb-post-grid-byline'>\n\t\t\t\t\t\t\t<\/div>\n\t\t\t\n\t\t\t\t\t\t\t\t\t<\/article>\n\t\t\t\t\t\t\t\t\t\t\t\t\t\t\t\t<article class=\"uagb-post__inner-wrap\">\t\t\t\t\t\t\t\t<div class='uagb-post__image'>\n\t\t\t\t\t\t\t\t\t<a href=\"https:\/\/www.emfesa.es\/emfesa\/emfesa-intensifica-la-retirada-de-residuos-en-vertederos-ilegales-junto-a-la-red-ferroviaria-mejorando-el-entorno-y-la-imagen-de-adif\/\" target=\"_self\" rel=\"bookmark noopener noreferrer\" class='uagb-image-ratio-2-3'><img loading=\"lazy\" decoding=\"async\" width=\"300\" height=\"225\" src=\"https:\/\/www.emfesa.es\/emfesa\/wp-content\/uploads\/2024\/10\/RECOGIDA-Y-CARGA-CAMION-BASURA-300x225.jpg\" class=\"attachment-medium size-medium\" alt=\"\" srcset=\"https:\/\/www.emfesa.es\/emfesa\/wp-content\/uploads\/2024\/10\/RECOGIDA-Y-CARGA-CAMION-BASURA-300x225.jpg 300w, https:\/\/www.emfesa.es\/emfesa\/wp-content\/uploads\/2024\/10\/RECOGIDA-Y-CARGA-CAMION-BASURA-1024x768.jpg 1024w, https:\/\/www.emfesa.es\/emfesa\/wp-content\/uploads\/2024\/10\/RECOGIDA-Y-CARGA-CAMION-BASURA-768x576.jpg 768w, https:\/\/www.emfesa.es\/emfesa\/wp-content\/uploads\/2024\/10\/RECOGIDA-Y-CARGA-CAMION-BASURA.jpg 1400w\" sizes=\"(max-width: 300px) 100vw, 300px\" \/>\t\t\t\t\t<\/a>\n\t\t\t\t\t\t\t<\/div>\n\t\t\t\t\t\t<h4 class=\"uagb-post__title uagb-post__text\">\n\t\t\t\t<a href=\"https:\/\/www.emfesa.es\/emfesa\/emfesa-intensifica-la-retirada-de-residuos-en-vertederos-ilegales-junto-a-la-red-ferroviaria-mejorando-el-entorno-y-la-imagen-de-adif\/\" target=\"_self\" rel=\"bookmark noopener noreferrer\">Emfesa intensifica la retirada de residuos en vertederos ilegales junto a la red ferroviaria, mejorando el entorno y la imagen de Adif<\/a>\n\t\t\t<\/h4>\n\t\t\t\t\t\t<div class='uagb-post__text uagb-post-grid-byline'>\n\t\t\t\t\t\t\t<\/div>\n\t\t\t\n\t\t\t\t\t\t\t\t\t<\/article>\n\t\t\t\t\t\t\t\t\t\t\t\t\t\t\t\t<article class=\"uagb-post__inner-wrap\">\t\t\t\t\t\t\t\t<div class='uagb-post__image'>\n\t\t\t\t\t\t\t\t\t<a href=\"https:\/\/www.emfesa.es\/emfesa\/emfesa-alcanza-la-gestion-optima-de-los-residuos-de-rcds-con-especial-exito-en-la-valorizacion-de-traviesas-de-hormigon\/\" target=\"_self\" rel=\"bookmark noopener noreferrer\" class='uagb-image-ratio-2-3'><img loading=\"lazy\" decoding=\"async\" width=\"300\" height=\"162\" src=\"https:\/\/www.emfesa.es\/emfesa\/wp-content\/uploads\/2025\/05\/traviesas-hormigon-300x162.jpg\" class=\"attachment-medium size-medium\" alt=\"V\u00edas de tren\" srcset=\"https:\/\/www.emfesa.es\/emfesa\/wp-content\/uploads\/2025\/05\/traviesas-hormigon-300x162.jpg 300w, https:\/\/www.emfesa.es\/emfesa\/wp-content\/uploads\/2025\/05\/traviesas-hormigon-1024x553.jpg 1024w, https:\/\/www.emfesa.es\/emfesa\/wp-content\/uploads\/2025\/05\/traviesas-hormigon-768x415.jpg 768w, https:\/\/www.emfesa.es\/emfesa\/wp-content\/uploads\/2025\/05\/traviesas-hormigon.jpg 1200w\" sizes=\"(max-width: 300px) 100vw, 300px\" \/>\t\t\t\t\t<\/a>\n\t\t\t\t\t\t\t<\/div>\n\t\t\t\t\t\t<h4 class=\"uagb-post__title uagb-post__text\">\n\t\t\t\t<a href=\"https:\/\/www.emfesa.es\/emfesa\/emfesa-alcanza-la-gestion-optima-de-los-residuos-de-rcds-con-especial-exito-en-la-valorizacion-de-traviesas-de-hormigon\/\" target=\"_self\" rel=\"bookmark noopener noreferrer\">Emfesa alcanza la gesti\u00f3n \u00f3ptima de los residuos de RCD\u2019s, con especial \u00e9xito en la valorizaci\u00f3n de traviesas de hormig\u00f3n<\/a>\n\t\t\t<\/h4>\n\t\t\t\t\t\t<div class='uagb-post__text uagb-post-grid-byline'>\n\t\t\t\t\t\t\t<\/div>\n\t\t\t\n\t\t\t\t\t\t\t\t\t<\/article>\n\t\t\t\t\t\t\t\t\t\t\t\t\t\t\t\t<article class=\"uagb-post__inner-wrap\">\t\t\t\t\t\t\t\t<div class='uagb-post__image'>\n\t\t\t\t\t\t\t\t\t<a href=\"https:\/\/www.emfesa.es\/emfesa\/emfesa-y-la-economia-circular\/\" target=\"_self\" rel=\"bookmark noopener noreferrer\" class='uagb-image-ratio-2-3'><img loading=\"lazy\" decoding=\"async\" width=\"300\" height=\"200\" src=\"https:\/\/www.emfesa.es\/emfesa\/wp-content\/uploads\/2025\/05\/economia-circular-300x200.jpg\" class=\"attachment-medium size-medium\" alt=\"Econom\u00eda circular\" srcset=\"https:\/\/www.emfesa.es\/emfesa\/wp-content\/uploads\/2025\/05\/economia-circular-300x200.jpg 300w, https:\/\/www.emfesa.es\/emfesa\/wp-content\/uploads\/2025\/05\/economia-circular-1024x683.jpg 1024w, https:\/\/www.emfesa.es\/emfesa\/wp-content\/uploads\/2025\/05\/economia-circular-768x512.jpg 768w, https:\/\/www.emfesa.es\/emfesa\/wp-content\/uploads\/2025\/05\/economia-circular.jpg 1200w\" sizes=\"(max-width: 300px) 100vw, 300px\" \/>\t\t\t\t\t<\/a>\n\t\t\t\t\t\t\t<\/div>\n\t\t\t\t\t\t<h4 class=\"uagb-post__title uagb-post__text\">\n\t\t\t\t<a href=\"https:\/\/www.emfesa.es\/emfesa\/emfesa-y-la-economia-circular\/\" target=\"_self\" rel=\"bookmark noopener noreferrer\">Emfesa y la econom\u00eda circular<\/a>\n\t\t\t<\/h4>\n\t\t\t\t\t\t<div class='uagb-post__text uagb-post-grid-byline'>\n\t\t\t\t\t\t\t<\/div>\n\t\t\t\n\t\t\t\t\t\t\t\t\t<\/article>\n\t\t\t\t\t\t\t\t\t\t\t\t\t<div class=\"uagb-post-pagination-wrap\">\n\t\t\t\t\t\t\t\t\t\t\t<\/div>\n\t\t\t\t\t\t\t\t<\/div>\n\t\t\t<\/div>\n\n\n\n<div class=\"wp-block-column sidebar is-layout-flow wp-block-column-is-layout-flow\" style=\"flex-basis:20%\">\n<h2 class=\"wp-block-heading widget\">Categor\u00edas<\/h2>\n\n\n<ul class=\"wp-block-categories-list widget wp-block-categories\">\t<li class=\"cat-item cat-item-4\"><a href=\"https:\/\/www.emfesa.es\/emfesa\/category\/mantenimiento\/\">Mantenimiento<\/a>\n<\/li>\n\t<li class=\"cat-item cat-item-6\"><a href=\"https:\/\/www.emfesa.es\/emfesa\/category\/medio-ambiente\/\">Medio ambiente<\/a>\n<\/li>\n\t<li class=\"cat-item cat-item-7\"><a href=\"https:\/\/www.emfesa.es\/emfesa\/category\/proyectos\/\">Proyectos<\/a>\n<\/li>\n\t<li class=\"cat-item cat-item-5\"><a href=\"https:\/\/www.emfesa.es\/emfesa\/category\/tecnologia\/\">Tecnolog\u00eda<\/a>\n<\/li>\n<\/ul>\n\n\n<h2 class=\"wp-block-heading widget\">Archivo<\/h2>\n\n\n<div class=\"wp-block-archives-dropdown widget wp-block-archives\"><label for=\"wp-block-archives-1\" class=\"wp-block-archives__label screen-reader-text\">Archivos<\/label>\n\t\t<select id=\"wp-block-archives-1\" name=\"archive-dropdown\" onchange=\"document.location.href=this.options[this.selectedIndex].value;\">\n\t\t<option value=\"\">Elegir el mes<\/option>\t<option value='https:\/\/www.emfesa.es\/emfesa\/2026\/04\/'> abril 2026 <\/option>\n\t<option value='https:\/\/www.emfesa.es\/emfesa\/2025\/05\/'> mayo 2025 <\/option>\n<\/select><\/div><\/div>\n<\/div>\n","protected":false},"excerpt":{"rendered":"<p>A continuaci\u00f3n, puedes consultar nuestro listado de noticias. Categor\u00edas Archivo<\/p>\n","protected":false},"author":1,"featured_media":0,"parent":0,"menu_order":0,"comment_status":"closed","ping_status":"closed","template":"one-column.php","meta":{"_eb_attr":"","_uag_custom_page_level_css":"","footnotes":""},"class_list":["post-1887","page","type-page","status-publish","hentry"],"yoast_head":"<!-- This site is optimized with the Yoast SEO plugin v23.6 - https:\/\/yoast.com\/wordpress\/plugins\/seo\/ -->\n<title>ACTUALIDAD DE EMFESA - Web oficial de Emfesa<\/title>\n<meta name=\"robots\" content=\"index, follow, max-snippet:-1, max-image-preview:large, max-video-preview:-1\" \/>\n<link rel=\"canonical\" href=\"https:\/\/www.emfesa.es\/emfesa\/actualidad-de-emfesa\/\" \/>\n<meta property=\"og:locale\" content=\"es_ES\" \/>\n<meta property=\"og:type\" content=\"article\" \/>\n<meta property=\"og:title\" content=\"ACTUALIDAD DE EMFESA - Web oficial de Emfesa\" \/>\n<meta property=\"og:description\" content=\"A continuaci\u00f3n, puedes consultar nuestro listado de noticias. Categor\u00edas Archivo\" \/>\n<meta property=\"og:url\" content=\"https:\/\/www.emfesa.es\/emfesa\/actualidad-de-emfesa\/\" \/>\n<meta property=\"og:site_name\" content=\"Web oficial de Emfesa\" \/>\n<meta property=\"article:modified_time\" content=\"2025-05-29T12:08:37+00:00\" \/>\n<meta name=\"twitter:card\" content=\"summary_large_image\" \/>\n<meta name=\"twitter:label1\" content=\"Tiempo de lectura\" \/>\n\t<meta name=\"twitter:data1\" content=\"1 minuto\" \/>\n<script type=\"application\/ld+json\" class=\"yoast-schema-graph\">{\"@context\":\"https:\/\/schema.org\",\"@graph\":[{\"@type\":\"WebPage\",\"@id\":\"https:\/\/www.emfesa.es\/emfesa\/actualidad-de-emfesa\/\",\"url\":\"https:\/\/www.emfesa.es\/emfesa\/actualidad-de-emfesa\/\",\"name\":\"ACTUALIDAD DE EMFESA - Web oficial de Emfesa\",\"isPartOf\":{\"@id\":\"https:\/\/www.emfesa.es\/emfesa\/#website\"},\"datePublished\":\"2025-05-29T10:53:35+00:00\",\"dateModified\":\"2025-05-29T12:08:37+00:00\",\"breadcrumb\":{\"@id\":\"https:\/\/www.emfesa.es\/emfesa\/actualidad-de-emfesa\/#breadcrumb\"},\"inLanguage\":\"es\",\"potentialAction\":[{\"@type\":\"ReadAction\",\"target\":[\"https:\/\/www.emfesa.es\/emfesa\/actualidad-de-emfesa\/\"]}]},{\"@type\":\"BreadcrumbList\",\"@id\":\"https:\/\/www.emfesa.es\/emfesa\/actualidad-de-emfesa\/#breadcrumb\",\"itemListElement\":[{\"@type\":\"ListItem\",\"position\":1,\"name\":\"Portada\",\"item\":\"https:\/\/www.emfesa.es\/emfesa\/\"},{\"@type\":\"ListItem\",\"position\":2,\"name\":\"ACTUALIDAD DE EMFESA\"}]},{\"@type\":\"WebSite\",\"@id\":\"https:\/\/www.emfesa.es\/emfesa\/#website\",\"url\":\"https:\/\/www.emfesa.es\/emfesa\/\",\"name\":\"Web oficial de Emfesa\",\"description\":\"\",\"potentialAction\":[{\"@type\":\"SearchAction\",\"target\":{\"@type\":\"EntryPoint\",\"urlTemplate\":\"https:\/\/www.emfesa.es\/emfesa\/?s={search_term_string}\"},\"query-input\":{\"@type\":\"PropertyValueSpecification\",\"valueRequired\":true,\"valueName\":\"search_term_string\"}}],\"inLanguage\":\"es\"}]}<\/script>\n<!-- \/ Yoast SEO plugin. -->","yoast_head_json":{"title":"ACTUALIDAD DE EMFESA - Web oficial de Emfesa","robots":{"index":"index","follow":"follow","max-snippet":"max-snippet:-1","max-image-preview":"max-image-preview:large","max-video-preview":"max-video-preview:-1"},"canonical":"https:\/\/www.emfesa.es\/emfesa\/actualidad-de-emfesa\/","og_locale":"es_ES","og_type":"article","og_title":"ACTUALIDAD DE EMFESA - Web oficial de Emfesa","og_description":"A continuaci\u00f3n, puedes consultar nuestro listado de noticias. Categor\u00edas Archivo","og_url":"https:\/\/www.emfesa.es\/emfesa\/actualidad-de-emfesa\/","og_site_name":"Web oficial de Emfesa","article_modified_time":"2025-05-29T12:08:37+00:00","twitter_card":"summary_large_image","twitter_misc":{"Tiempo de lectura":"1 minuto"},"schema":{"@context":"https:\/\/schema.org","@graph":[{"@type":"WebPage","@id":"https:\/\/www.emfesa.es\/emfesa\/actualidad-de-emfesa\/","url":"https:\/\/www.emfesa.es\/emfesa\/actualidad-de-emfesa\/","name":"ACTUALIDAD DE EMFESA - Web oficial de Emfesa","isPartOf":{"@id":"https:\/\/www.emfesa.es\/emfesa\/#website"},"datePublished":"2025-05-29T10:53:35+00:00","dateModified":"2025-05-29T12:08:37+00:00","breadcrumb":{"@id":"https:\/\/www.emfesa.es\/emfesa\/actualidad-de-emfesa\/#breadcrumb"},"inLanguage":"es","potentialAction":[{"@type":"ReadAction","target":["https:\/\/www.emfesa.es\/emfesa\/actualidad-de-emfesa\/"]}]},{"@type":"BreadcrumbList","@id":"https:\/\/www.emfesa.es\/emfesa\/actualidad-de-emfesa\/#breadcrumb","itemListElement":[{"@type":"ListItem","position":1,"name":"Portada","item":"https:\/\/www.emfesa.es\/emfesa\/"},{"@type":"ListItem","position":2,"name":"ACTUALIDAD DE EMFESA"}]},{"@type":"WebSite","@id":"https:\/\/www.emfesa.es\/emfesa\/#website","url":"https:\/\/www.emfesa.es\/emfesa\/","name":"Web oficial de Emfesa","description":"","potentialAction":[{"@type":"SearchAction","target":{"@type":"EntryPoint","urlTemplate":"https:\/\/www.emfesa.es\/emfesa\/?s={search_term_string}"},"query-input":{"@type":"PropertyValueSpecification","valueRequired":true,"valueName":"search_term_string"}}],"inLanguage":"es"}]}},"uagb_featured_image_src":{"full":false,"thumbnail":false,"medium":false,"medium_large":false,"large":false,"1536x1536":false,"2048x2048":false},"uagb_author_info":{"display_name":"emfesadmin","author_link":"https:\/\/www.emfesa.es\/emfesa\/author\/emfesadmin\/"},"uagb_comment_info":0,"uagb_excerpt":"A continuaci\u00f3n, puedes consultar nuestro listado de noticias. Categor\u00edas Archivo","_links":{"self":[{"href":"https:\/\/www.emfesa.es\/emfesa\/wp-json\/wp\/v2\/pages\/1887"}],"collection":[{"href":"https:\/\/www.emfesa.es\/emfesa\/wp-json\/wp\/v2\/pages"}],"about":[{"href":"https:\/\/www.emfesa.es\/emfesa\/wp-json\/wp\/v2\/types\/page"}],"author":[{"embeddable":true,"href":"https:\/\/www.emfesa.es\/emfesa\/wp-json\/wp\/v2\/users\/1"}],"replies":[{"embeddable":true,"href":"https:\/\/www.emfesa.es\/emfesa\/wp-json\/wp\/v2\/comments?post=1887"}],"version-history":[{"count":4,"href":"https:\/\/www.emfesa.es\/emfesa\/wp-json\/wp\/v2\/pages\/1887\/revisions"}],"predecessor-version":[{"id":2564,"href":"https:\/\/www.emfesa.es\/emfesa\/wp-json\/wp\/v2\/pages\/1887\/revisions\/2564"}],"wp:attachment":[{"href":"https:\/\/www.emfesa.es\/emfesa\/wp-json\/wp\/v2\/media?parent=1887"}],"curies":[{"name":"wp","href":"https:\/\/api.w.org\/{rel}","templated":true}]}}